{"id":2299,"date":"2023-05-10T19:09:00","date_gmt":"2023-05-10T17:09:00","guid":{"rendered":"https:\/\/fslogo.rwth-aachen.de\/?page_id=2299"},"modified":"2023-07-20T15:28:04","modified_gmt":"2023-07-20T13:28:04","slug":"aufbau-der-fs","status":"publish","type":"page","link":"https:\/\/fslogo.rwth-aachen.de\/index.php\/aufbau-der-fs\/","title":{"rendered":"\u00dcber uns"},"content":{"rendered":"\n<div class=\"wp-block-columns\">\n<div class=\"wp-block-column\">\n<p>Wir sind die Fachschaft Logop\u00e4die. Wir sind ein kleiner aber feiner Studiengang mit einem dualen Bachelor und einem Master in  Lehr- und Forschungslogop\u00e4die.<\/p>\n\n\n\n<p>Jeder Studierende des Studiengangs Logop\u00e4die, egal ob Bachelor oder Master geh\u00f6rt der Fakult\u00e4t 10 an. In der medizinischen Fakult\u00e4t werden drei Studieng\u00e4nge vertreten. Die Humanmediziner:innen geh\u00f6ren der Fachschaft 10\/1 an, die Zahnmediziner:innen der Fachschaft 10\/2 und wir der Fachschaft 10\/3.<\/p>\n\n\n\n<p>Von unseren knapp 200 Studierenden setzen sich rund 20 Personen ehrenamtlich f\u00fcr alle ein, meistens werden diese 20 Personen\u00a0&#8220;<strong>die Fachschaft<\/strong>&#8221; genannt, auch wenn es nicht ganz korrekt ist. Da alle Studierenden, ab Einschreibung, die Fachschaft bilden.<\/p>\n\n\n\n<p>Alle, die in der Fachschaft mithelfen m\u00f6chten, k\u00f6nnen uns einfach anquatschen \u2013 es gibt durchaus genug zu tun!<\/p>\n<\/div>\n<\/div>\n\n\n\n<div class=\"wp-block-image is-style-default\"><figure class=\"aligncenter size-large is-resized\"><img loading=\"lazy\" src=\"https:\/\/fslogo.rwth-aachen.de\/wp-content\/uploads\/2023\/07\/Bildschirmfoto-2023-07-20-um-12.56.02-1024x683.png\" alt=\"\" class=\"wp-image-2366\" width=\"840\" height=\"560\" srcset=\"https:\/\/fslogo.rwth-aachen.de\/wp-content\/uploads\/2023\/07\/Bildschirmfoto-2023-07-20-um-12.56.02-1024x683.png 1024w, https:\/\/fslogo.rwth-aachen.de\/wp-content\/uploads\/2023\/07\/Bildschirmfoto-2023-07-20-um-12.56.02-300x200.png 300w, https:\/\/fslogo.rwth-aachen.de\/wp-content\/uploads\/2023\/07\/Bildschirmfoto-2023-07-20-um-12.56.02-768x512.png 768w, https:\/\/fslogo.rwth-aachen.de\/wp-content\/uploads\/2023\/07\/Bildschirmfoto-2023-07-20-um-12.56.02-360x240.png 360w, https:\/\/fslogo.rwth-aachen.de\/wp-content\/uploads\/2023\/07\/Bildschirmfoto-2023-07-20-um-12.56.02.png 1470w\" sizes=\"(max-width: 840px) 100vw, 840px\" \/><\/figure><\/div>\n\n\n\n<p class=\"has-text-align-center\">Vom AStA bis zu unserer Fachschaft, so ist es aufgebaut.<\/p>\n\n\n\n<div style=\"height:210px\" aria-hidden=\"true\" class=\"wp-block-spacer\"><\/div>\n\n\n\n<h1 class=\"has-text-align-center\" id=\"Mitglieder\" style=\"font-size:41px\">So ist unsere Fachschaft aufgebaut<\/h1>\n\n\n\n<div style=\"height:100px\" aria-hidden=\"true\" class=\"wp-block-spacer\"><\/div>\n\n\n\n<figure class=\"wp-block-image size-large\"><img loading=\"lazy\" width=\"1024\" height=\"638\" src=\"https:\/\/fslogo.rwth-aachen.de\/wp-content\/uploads\/2023\/07\/Bildschirmfoto-2023-07-20-um-13.00.47-1024x638.png\" alt=\"\" class=\"wp-image-2367\" srcset=\"https:\/\/fslogo.rwth-aachen.de\/wp-content\/uploads\/2023\/07\/Bildschirmfoto-2023-07-20-um-13.00.47-1024x638.png 1024w, https:\/\/fslogo.rwth-aachen.de\/wp-content\/uploads\/2023\/07\/Bildschirmfoto-2023-07-20-um-13.00.47-300x187.png 300w, https:\/\/fslogo.rwth-aachen.de\/wp-content\/uploads\/2023\/07\/Bildschirmfoto-2023-07-20-um-13.00.47-768x478.png 768w, https:\/\/fslogo.rwth-aachen.de\/wp-content\/uploads\/2023\/07\/Bildschirmfoto-2023-07-20-um-13.00.47-1536x957.png 1536w, https:\/\/fslogo.rwth-aachen.de\/wp-content\/uploads\/2023\/07\/Bildschirmfoto-2023-07-20-um-13.00.47.png 1840w\" sizes=\"(max-width: 1024px) 100vw, 1024px\" \/><\/figure>\n\n\n\n<p class=\"has-text-align-center\">So hat jeder seinen Posten und seine damit verbunden Aufgaben<\/p>\n\n\n\n<div style=\"height:210px\" aria-hidden=\"true\" class=\"wp-block-spacer\"><\/div>\n\n\n\n<div class=\"wp-block-columns\">\n<div class=\"wp-block-column\">\n<h1 class=\"has-text-align-center\" id=\"Mitglieder\" style=\"font-size:41px\">Aufgaben der jeweiligen Referate<\/h1>\n<\/div>\n<\/div>\n\n\n\n\t<script type=\"text\/javascript\">\n\t\tjQuery(document).ready(function(){\n\t\t\t;( function( jQuery ) {\n\t\t\t\tjQuery( '.swipebox_2370' ).swipebox({\n\t\t\t\t\t\t\thideBarsDelay:0,\n\t\t\t\t\t\t\thideCloseButtonOnMobile : false,\n\t\t\t\t\t\t});\n\t\t\t})( jQuery );\n\t\t});\n\t<\/script>\n<style>\r\n\t#pvgm_2370 .view {\r\n\t   \t}\r\n\r\n\t#pvgm_2370 .view h2 {\r\n\t   font-family: Arial;\r\n\t   background:  rgba(255, 255, 255,0.8 ) !important;\r\n\t   color: #000000 !important;\r\n\t   font-size: 18px;\r\n\t   line-height: 24px;\r\n\t}\r\n\t\r\n\t#pvgm_2370 .view span.t_20 {\r\n\t\tmargin-top: 15px;\r\n\t\tdisplay: block;\r\n\t}\r\n\r\n\t#pvgm_2370 .view p {\r\n\t   font-family: Arial;\r\n\t   color: #ffffff;\r\n\t   font-size: 14px;\r\n\t}\r\n\r\n\t#pvgm_2370 .view a.info {\r\n\t   background:  rgba(255, 255, 255,0.8 ) !important;\r\n\t   color: #000000;\r\n\t}\r\n\r\n\t#pvgm_2370 .view-fifth .mask {\r\n\t\tbackground-color: rgba(0, 0, 0,1 ) !important;\r\n\t}\r\n\t<\/style>\n\t\t\n\t<div class=\"row pvgm-gallery\" id=\"pvgm_2370\">\n\t\t\t\t\t<div class=\"col-md-6 col-sm-6 wl-gallery\">\n\t\t\t\t\n\t\t\t\t\t\t\t\t\n\t\t\t\t\t<div class=\"view view-fifth \">\n\t\t\t\t\t\t<img src=\"https:\/\/fslogo.rwth-aachen.de\/wp-content\/uploads\/2023\/07\/Design-ohne-Titel-2-400x400.png\" alt=\"\" \/>\n\t\t\t\t\t\t<div class=\"mask\">\n\t\t\t\t\t\t\t\t\t\t\t\t\t\t<h2 class=\"h2\">Referat f\u00fcr Vorsitz<\/h2>\n\t\t\t\t\t\t\t\t\t\t\t\t\t\t<p>\n\t\t\t\t\t\t\tOrganisation von\u2026\r\n   Vollversammlung\r\n   Fachschaftsratssitzungen\r\n   Post der Fachschaft\r\n   Fachschaftstisch\r\n\r\nTreffen mit \u2026\r\n   Studiengangsleiter:in\r\n   Studiengangs-koordinator:innen\r\n    allen Fachschaften (KeXe-Treffen)\r\n   E-mails\r\n\r\nBeantwortung von E-Mails\r\n\r\nVersenden\/Weiterleiten von Informationen an Studis\t\t\t\t\t\t\t<\/p>\n\t\t\t\t\t\t\t<a href=\"https:\/\/fslogo.rwth-aachen.de\/wp-content\/uploads\/2023\/07\/Design-ohne-Titel-2.png\"  class=\"swipebox_2370 info rectangle\" alt=\"\" >Read More <\/a>\n\t\t\t\t\t\t<\/div>\n\t\t\t\t\t<\/div>\n\t\t\t\t\t\t\t\t\n\t\t\t\t<\/div>\t\n\t\t\t\t\t\t\t\t<div class=\"col-md-6 col-sm-6 wl-gallery\">\n\t\t\t\t\n\t\t\t\t\t\t\t\t\n\t\t\t\t\t<div class=\"view view-fifth \">\n\t\t\t\t\t\t<img src=\"https:\/\/fslogo.rwth-aachen.de\/wp-content\/uploads\/2023\/07\/Design-ohne-Titel-400x400.png\" alt=\"\" \/>\n\t\t\t\t\t\t<div class=\"mask\">\n\t\t\t\t\t\t\t\t\t\t\t\t\t\t<h2 class=\"h2\">Referat f\u00fcr Finanzen<\/h2>\n\t\t\t\t\t\t\t\t\t\t\t\t\t\t<p>\n\t\t\t\t\t\t\tVerwaltung der Gelder\r\nAbruf der Studierendenschafts-mittel (WS &amp; SS)\r\nEntscheidung \u00fcber finanzielle Ausgaben (z.B. Erstsemester-abreit (ESA))\r\nAntrag auf R\u00fcckerstattung der Gelder der ESA\r\nExterne Kassenpr\u00fcfung (1x im Jahr)\r\nKalkulation der Gelder f\u00fcr die Halbjahresausgaben\r\nAbrechnung von Speis &amp; Trank f\u00fcr die Ratssitzungen\t\t\t\t\t\t\t<\/p>\n\t\t\t\t\t\t\t<a href=\"https:\/\/fslogo.rwth-aachen.de\/wp-content\/uploads\/2023\/07\/Design-ohne-Titel.png\"  class=\"swipebox_2370 info rectangle\" alt=\"\" >Read More <\/a>\n\t\t\t\t\t\t<\/div>\n\t\t\t\t\t<\/div>\n\t\t\t\t\t\t\t\t\n\t\t\t\t<\/div>\t\n\t\t\t\t\t\t\t\t<div class=\"col-md-6 col-sm-6 wl-gallery\">\n\t\t\t\t\n\t\t\t\t\t\t\t\t\n\t\t\t\t\t<div class=\"view view-fifth \">\n\t\t\t\t\t\t<img src=\"https:\/\/fslogo.rwth-aachen.de\/wp-content\/uploads\/2023\/07\/VKS-3-400x400.png\" alt=\"\" \/>\n\t\t\t\t\t\t<div class=\"mask\">\n\t\t\t\t\t\t\t\t\t\t\t\t\t\t<h2 class=\"h2\">Referat f\u00fcr Aktuaria<\/h2>\n\t\t\t\t\t\t\t\t\t\t\t\t\t\t<p>\n\t\t\t\t\t\t\tSchriftf\u00fchrer:in w\u00e4hrend\r\n   Fachschaftsrats-Sitzung\r\n   Fachschafts-Vollversammlung\r\n   sowie anderen vereinzelt stattfindenden Veranstaltungen\t\t\t\t\t\t\t<\/p>\n\t\t\t\t\t\t\t<a href=\"https:\/\/fslogo.rwth-aachen.de\/wp-content\/uploads\/2023\/07\/VKS-3.png\"  class=\"swipebox_2370 info rectangle\" alt=\"\" >Read More <\/a>\n\t\t\t\t\t\t<\/div>\n\t\t\t\t\t<\/div>\n\t\t\t\t\t\t\t\t\n\t\t\t\t<\/div>\t\n\t\t\t\t\t\t\t\t<div class=\"col-md-6 col-sm-6 wl-gallery\">\n\t\t\t\t\n\t\t\t\t\t\t\t\t\n\t\t\t\t\t<div class=\"view view-fifth \">\n\t\t\t\t\t\t<img src=\"https:\/\/fslogo.rwth-aachen.de\/wp-content\/uploads\/2023\/07\/Design-ohne-Titel-4-400x400.png\" alt=\"\" \/>\n\t\t\t\t\t\t<div class=\"mask\">\n\t\t\t\t\t\t\t\t\t\t\t\t\t\t<h2 class=\"h2\">Referat f\u00fcr \u00d6ffentlichkeitsarbeit<\/h2>\n\t\t\t\t\t\t\t\t\t\t\t\t\t\t<p>\n\t\t\t\t\t\t\tVerwaltung der Social-Media-Kan\u00e4le (Facebook und Instagram Beitr\u00e4ge)\r\nVerwaltung der Homepage\r\nVerwaltung der E-Mail Verteiler\r\nAktualisierung der FS-Ecke in der Neurolinguitik im UKA\r\nVernetzung mit anderen Fachschaften der RWTH, dem ASTA, anderen studentischen Initiativen und Vereinen etc.\r\nVernetzung mit externen Logop\u00e4die Fachschaften\r\n\t\t\t\t\t\t\t<\/p>\n\t\t\t\t\t\t\t<a href=\"https:\/\/fslogo.rwth-aachen.de\/wp-content\/uploads\/2023\/07\/Design-ohne-Titel-4.png\"  class=\"swipebox_2370 info rectangle\" alt=\"\" >Read More <\/a>\n\t\t\t\t\t\t<\/div>\n\t\t\t\t\t<\/div>\n\t\t\t\t\t\t\t\t\n\t\t\t\t<\/div>\t\n\t\t\t\t\t\t\t\t<div class=\"col-md-6 col-sm-6 wl-gallery\">\n\t\t\t\t\n\t\t\t\t\t\t\t\t\n\t\t\t\t\t<div class=\"view view-fifth \">\n\t\t\t\t\t\t<img src=\"https:\/\/fslogo.rwth-aachen.de\/wp-content\/uploads\/2023\/07\/Design-ohne-Titel-5-400x400.png\" alt=\"\" \/>\n\t\t\t\t\t\t<div class=\"mask\">\n\t\t\t\t\t\t\t\t\t\t\t\t\t\t<h2 class=\"h2\">Referat f\u00fcr Erstsemesterarbeit (ESA)<\/h2>\n\t\t\t\t\t\t\t\t\t\t\t\t\t\t<p>\n\t\t\t\t\t\t\tOrganisation und Koordination der Ersti-Woche und des      Onboardings (ESA-Arbeit)\r\nEinf\u00fchrung an der RWTH\r\nErsti T\u00fcten (nat\u00fcrlich auch f\u00fcr die Master-Erstis)\r\nCampus-\/Stadt-Rallye\t\t\t\t\t\t\t<\/p>\n\t\t\t\t\t\t\t<a href=\"https:\/\/fslogo.rwth-aachen.de\/wp-content\/uploads\/2023\/07\/Design-ohne-Titel-5.png\"  class=\"swipebox_2370 info rectangle\" alt=\"\" >Read More <\/a>\n\t\t\t\t\t\t<\/div>\n\t\t\t\t\t<\/div>\n\t\t\t\t\t\t\t\t\n\t\t\t\t<\/div>\t\n\t\t\t\t\t\t\t\t<div class=\"col-md-6 col-sm-6 wl-gallery\">\n\t\t\t\t\n\t\t\t\t\t\t\t\t\n\t\t\t\t\t<div class=\"view view-fifth \">\n\t\t\t\t\t\t<img src=\"https:\/\/fslogo.rwth-aachen.de\/wp-content\/uploads\/2023\/07\/VKS-400x400.png\" alt=\"\" \/>\n\t\t\t\t\t\t<div class=\"mask\">\n\t\t\t\t\t\t\t\t\t\t\t\t\t\t<h2 class=\"h2\">Referat f\u00fcr Veranstaltungen<\/h2>\n\t\t\t\t\t\t\t\t\t\t\t\t\t\t<p>\n\t\t\t\t\t\t\tOrganisation von Sommerfesten, Grillfeten und Weihnachtsfeiern\r\nRudiRockt die Logop\u00e4die\r\nPartys\r\nPlanung von sozialen Aktivit\u00e4ten: Escape Room, Schlittschuhlaufen, Lasertag, Kegeln\r\nOrganisation des Masterarbeitsstammtisches\r\nPlanung Spieleabende\t\t\t\t\t\t\t<\/p>\n\t\t\t\t\t\t\t<a href=\"https:\/\/fslogo.rwth-aachen.de\/wp-content\/uploads\/2023\/07\/VKS.png\"  class=\"swipebox_2370 info rectangle\" alt=\"\" >Read More <\/a>\n\t\t\t\t\t\t<\/div>\n\t\t\t\t\t<\/div>\n\t\t\t\t\t\t\t\t\n\t\t\t\t<\/div>\t\n\t\t\t\t\t\t\t\t<div class=\"col-md-6 col-sm-6 wl-gallery\">\n\t\t\t\t\n\t\t\t\t\t\t\t\t\n\t\t\t\t\t<div class=\"view view-fifth \">\n\t\t\t\t\t\t<img src=\"https:\/\/fslogo.rwth-aachen.de\/wp-content\/uploads\/2023\/07\/Design-ohne-Titel-6-400x400.png\" alt=\"\" \/>\n\t\t\t\t\t\t<div class=\"mask\">\n\t\t\t\t\t\t\t\t\t\t\t\t\t\t<h2 class=\"h2\">Referat f\u00fcr Vergabekommission f\u00fcr Studierendenschaftsmittel (VKS)<\/h2>\n\t\t\t\t\t\t\t\t\t\t\t\t\t\t<p>\n\t\t\t\t\t\t\tTeilnahme an den VKS-Treffen\r\nBeantragung von Studienbeitragsersatzmitteln f\u00fcr die Fachschaft\r\nz.B. f\u00fcr den LoLA\t\t\t\t\t\t\t<\/p>\n\t\t\t\t\t\t\t<a href=\"https:\/\/fslogo.rwth-aachen.de\/wp-content\/uploads\/2023\/07\/Design-ohne-Titel-6.png\"  class=\"swipebox_2370 info rectangle\" alt=\"\" >Read More <\/a>\n\t\t\t\t\t\t<\/div>\n\t\t\t\t\t<\/div>\n\t\t\t\t\t\t\t\t\n\t\t\t\t<\/div>\t\n\t\t\t\t\t\t\t\t<div class=\"col-md-6 col-sm-6 wl-gallery\">\n\t\t\t\t\n\t\t\t\t\t\t\t\t\n\t\t\t\t\t<div class=\"view view-fifth \">\n\t\t\t\t\t\t<img src=\"https:\/\/fslogo.rwth-aachen.de\/wp-content\/uploads\/2023\/07\/VKS-2-400x400.png\" alt=\"\" \/>\n\t\t\t\t\t\t<div class=\"mask\">\n\t\t\t\t\t\t\t\t\t\t\t\t\t\t<h2 class=\"h2\">Referat f\u00fcr Lehre<\/h2>\n\t\t\t\t\t\t\t\t\t\t\t\t\t\t<p>\n\t\t\t\t\t\t\tTeilnahme am Pr\u00fcfungsausschuss\r\nMeinungsumfragen durchf\u00fchren und auswerten\r\nOrganisation von Vortr\u00e4gen\/Seminaren externer Dozent:innen\r\nKontakt zu Dozent:innen aus Schule und Universit\u00e4t\r\nProjekt: Studierende unterrichten Studierende \u201cSuS\u201d\r\nOrganisation und Vergabe des Logop\u00e4die Lehrepreises Aachen \u201cLoLA\u201d\t\t\t\t\t\t\t<\/p>\n\t\t\t\t\t\t\t<a href=\"https:\/\/fslogo.rwth-aachen.de\/wp-content\/uploads\/2023\/07\/VKS-2.png\"  class=\"swipebox_2370 info rectangle\" alt=\"\" >Read More <\/a>\n\t\t\t\t\t\t<\/div>\n\t\t\t\t\t<\/div>\n\t\t\t\t\t\t\t\t\n\t\t\t\t<\/div>\t\n\t\t\t\t\t\t\t\t<div class=\"col-md-6 col-sm-6 wl-gallery\">\n\t\t\t\t\n\t\t\t\t\t\t\t\t\n\t\t\t\t\t<div class=\"view view-fifth \">\n\t\t\t\t\t\t<img src=\"https:\/\/fslogo.rwth-aachen.de\/wp-content\/uploads\/2023\/07\/VKS-4-400x400.png\" alt=\"\" \/>\n\t\t\t\t\t\t<div class=\"mask\">\n\t\t\t\t\t\t\t\t\t\t\t\t\t\t<h2 class=\"h2\">Arbeitskreis f\u00fcr Akademisierung<\/h2>\n\t\t\t\t\t\t\t\t\t\t\t\t\t\t<p>\n\t\t\t\t\t\t\tHier haben sich Student:innen unserer Fachschaft zusammengeschlossen, um gemeinsam Ideen f\u00fcr das Voranbringen der Akademisierung zu sammeln und coole Aktionen zu dem Thema zu starten.\r\n\r\nUnsere Instagramseite dazu ist #briefproakademisierung.\r\n\r\nWe want you!\t\t\t\t\t\t\t<\/p>\n\t\t\t\t\t\t\t<a href=\"https:\/\/fslogo.rwth-aachen.de\/wp-content\/uploads\/2023\/07\/VKS-4.png\"  class=\"swipebox_2370 info rectangle\" alt=\"\" >Read More <\/a>\n\t\t\t\t\t\t<\/div>\n\t\t\t\t\t<\/div>\n\t\t\t\t\t\t\t\t\n\t\t\t\t<\/div>\t\n\t\t\t\t\t\t\t\t<div class=\"col-md-6 col-sm-6 wl-gallery\">\n\t\t\t\t\n\t\t\t\t\t\t\t\t\n\t\t\t\t\t<div class=\"view view-fifth \">\n\t\t\t\t\t\t<img src=\"https:\/\/fslogo.rwth-aachen.de\/wp-content\/uploads\/2023\/07\/VKS-5-400x400.png\" alt=\"\" \/>\n\t\t\t\t\t\t<div class=\"mask\">\n\t\t\t\t\t\t\t\t\t\t\t\t\t\t<h2 class=\"h2\">Arbeitskreis f\u00fcr Werbung<\/h2>\n\t\t\t\t\t\t\t\t\t\t\t\t\t\t<p>\n\t\t\t\t\t\t\tWerbung f\u00fcr den Bachelorstudiengang\r\nEnge Zusammenarbeit mit der Schule f\u00fcr Logop\u00e4die, der RWTH und dem Referat f\u00fcr \u00d6ffentlichkeitsarbeit\t\t\t\t\t\t\t<\/p>\n\t\t\t\t\t\t\t<a href=\"https:\/\/fslogo.rwth-aachen.de\/wp-content\/uploads\/2023\/07\/VKS-5.png\"  class=\"swipebox_2370 info rectangle\" alt=\"\" >Read More <\/a>\n\t\t\t\t\t\t<\/div>\n\t\t\t\t\t<\/div>\n\t\t\t\t\t\t\t\t\n\t\t\t\t<\/div>\t\n\t\t\t\t\t<\/div>\n\t\n","protected":false},"excerpt":{"rendered":"<p>Wir sind die Fachschaft Logop\u00e4die. Wir sind ein kleiner aber feiner Studiengang mit einem dualen Bachelor und einem Master in Lehr- und Forschungslogop\u00e4die. Jeder Studierende des Studiengangs Logop\u00e4die, egal ob Bachelor oder Master geh\u00f6rt der Fakult\u00e4t 10 an. In der medizinischen Fakult\u00e4t werden drei Studieng\u00e4nge vertreten. Die Humanmediziner:innen geh\u00f6ren der [&hellip;]<\/p>\n","protected":false},"author":9,"featured_media":0,"parent":0,"menu_order":0,"comment_status":"closed","ping_status":"closed","template":"","meta":[],"aioseo_notices":[],"_links":{"self":[{"href":"https:\/\/fslogo.rwth-aachen.de\/index.php\/wp-json\/wp\/v2\/pages\/2299"}],"collection":[{"href":"https:\/\/fslogo.rwth-aachen.de\/index.php\/wp-json\/wp\/v2\/pages"}],"about":[{"href":"https:\/\/fslogo.rwth-aachen.de\/index.php\/wp-json\/wp\/v2\/types\/page"}],"author":[{"embeddable":true,"href":"https:\/\/fslogo.rwth-aachen.de\/index.php\/wp-json\/wp\/v2\/users\/9"}],"replies":[{"embeddable":true,"href":"https:\/\/fslogo.rwth-aachen.de\/index.php\/wp-json\/wp\/v2\/comments?post=2299"}],"version-history":[{"count":9,"href":"https:\/\/fslogo.rwth-aachen.de\/index.php\/wp-json\/wp\/v2\/pages\/2299\/revisions"}],"predecessor-version":[{"id":2387,"href":"https:\/\/fslogo.rwth-aachen.de\/index.php\/wp-json\/wp\/v2\/pages\/2299\/revisions\/2387"}],"wp:attachment":[{"href":"https:\/\/fslogo.rwth-aachen.de\/index.php\/wp-json\/wp\/v2\/media?parent=2299"}],"curies":[{"name":"wp","href":"https:\/\/api.w.org\/{rel}","templated":true}]}}