{"id":2556,"date":"2025-10-21T13:22:41","date_gmt":"2025-10-21T11:22:41","guid":{"rendered":"https:\/\/fslogo.rwth-aachen.de\/?page_id=2556"},"modified":"2025-10-21T13:24:53","modified_gmt":"2025-10-21T11:24:53","slug":"was-macht-unsere-fachschaft","status":"publish","type":"page","link":"https:\/\/fslogo.rwth-aachen.de\/index.php\/aufbau-der-fs\/was-macht-unsere-fachschaft\/","title":{"rendered":"Was macht unsere Fachschaft?"},"content":{"rendered":"\n<p><strong>1. und 2. Vorsitz<br><\/strong>Der Vorsitz hat grunds\u00e4tzlich die Aufgabe die Fachschaft zu repr\u00e4sentieren, zum Beispiel bei Treffen mit anderen Fachschaften. Au\u00dferdem leiten wir die Ratssitzungen sowie die Vollversammlungen und k\u00fcmmern uns um die Bearbeitung der Fachschaftsmails.<\/p>\n\n\n\n<figure class=\"wp-block-gallery columns-2 is-cropped\"><ul class=\"blocks-gallery-grid\"><li class=\"blocks-gallery-item\"><figure><img loading=\"lazy\" width=\"683\" height=\"1024\" src=\"https:\/\/fslogo.rwth-aachen.de\/wp-content\/uploads\/2025\/10\/Noe\u0308lle-683x1024.png\" alt=\"\" data-id=\"2574\" data-full-url=\"https:\/\/fslogo.rwth-aachen.de\/wp-content\/uploads\/2025\/10\/Noe\u0308lle.png\" data-link=\"https:\/\/fslogo.rwth-aachen.de\/?attachment_id=2574\" class=\"wp-image-2574\" srcset=\"https:\/\/fslogo.rwth-aachen.de\/wp-content\/uploads\/2025\/10\/Noe\u0308lle-683x1024.png 683w, https:\/\/fslogo.rwth-aachen.de\/wp-content\/uploads\/2025\/10\/Noe\u0308lle-200x300.png 200w, https:\/\/fslogo.rwth-aachen.de\/wp-content\/uploads\/2025\/10\/Noe\u0308lle-768x1152.png 768w, https:\/\/fslogo.rwth-aachen.de\/wp-content\/uploads\/2025\/10\/Noe\u0308lle.png 1000w\" sizes=\"(max-width: 683px) 100vw, 683px\" \/><\/figure><\/li><li class=\"blocks-gallery-item\"><figure><img loading=\"lazy\" width=\"682\" height=\"1024\" src=\"https:\/\/fslogo.rwth-aachen.de\/wp-content\/uploads\/2025\/10\/Ela-682x1024.png\" alt=\"\" data-id=\"2575\" data-full-url=\"https:\/\/fslogo.rwth-aachen.de\/wp-content\/uploads\/2025\/10\/Ela.png\" data-link=\"https:\/\/fslogo.rwth-aachen.de\/?attachment_id=2575\" class=\"wp-image-2575\" srcset=\"https:\/\/fslogo.rwth-aachen.de\/wp-content\/uploads\/2025\/10\/Ela-682x1024.png 682w, https:\/\/fslogo.rwth-aachen.de\/wp-content\/uploads\/2025\/10\/Ela-200x300.png 200w, https:\/\/fslogo.rwth-aachen.de\/wp-content\/uploads\/2025\/10\/Ela-768x1152.png 768w, https:\/\/fslogo.rwth-aachen.de\/wp-content\/uploads\/2025\/10\/Ela.png 999w\" sizes=\"(max-width: 682px) 100vw, 682px\" \/><\/figure><\/li><\/ul><\/figure>\n\n\n\n<p><\/p>\n\n\n\n<p><strong>Gremium Finanzen<\/strong><br>Als Finanzer*innen sind wir daf\u00fcr zust\u00e4ndig Rechnungen zu erstellen und zu bezahlen, die Studierendenschaftsmittel zu beantragen und einfach einen \u00dcberblick \u00fcber die Finanzen der Fachschaft zu behalten. Da wir dazu immer mal wieder im Fachschaftsraum sind, schauen wir auch, dass es da aufger\u00e4umt bleibt.<\/p>\n\n\n\n<figure class=\"wp-block-gallery columns-2 is-cropped\"><ul class=\"blocks-gallery-grid\"><li class=\"blocks-gallery-item\"><figure><img loading=\"lazy\" width=\"682\" height=\"1024\" src=\"https:\/\/fslogo.rwth-aachen.de\/wp-content\/uploads\/2025\/10\/Rike-682x1024.png\" alt=\"\" data-id=\"2562\" data-full-url=\"https:\/\/fslogo.rwth-aachen.de\/wp-content\/uploads\/2025\/10\/Rike.png\" data-link=\"https:\/\/fslogo.rwth-aachen.de\/?attachment_id=2562\" class=\"wp-image-2562\" srcset=\"https:\/\/fslogo.rwth-aachen.de\/wp-content\/uploads\/2025\/10\/Rike-682x1024.png 682w, https:\/\/fslogo.rwth-aachen.de\/wp-content\/uploads\/2025\/10\/Rike-200x300.png 200w, https:\/\/fslogo.rwth-aachen.de\/wp-content\/uploads\/2025\/10\/Rike-768x1152.png 768w, https:\/\/fslogo.rwth-aachen.de\/wp-content\/uploads\/2025\/10\/Rike.png 999w\" sizes=\"(max-width: 682px) 100vw, 682px\" \/><\/figure><\/li><li class=\"blocks-gallery-item\"><figure><img loading=\"lazy\" width=\"682\" height=\"1024\" src=\"https:\/\/fslogo.rwth-aachen.de\/wp-content\/uploads\/2025\/10\/Mia-682x1024.png\" alt=\"\" data-id=\"2563\" data-full-url=\"https:\/\/fslogo.rwth-aachen.de\/wp-content\/uploads\/2025\/10\/Mia.png\" data-link=\"https:\/\/fslogo.rwth-aachen.de\/?attachment_id=2563\" class=\"wp-image-2563\" srcset=\"https:\/\/fslogo.rwth-aachen.de\/wp-content\/uploads\/2025\/10\/Mia-682x1024.png 682w, https:\/\/fslogo.rwth-aachen.de\/wp-content\/uploads\/2025\/10\/Mia-200x300.png 200w, https:\/\/fslogo.rwth-aachen.de\/wp-content\/uploads\/2025\/10\/Mia-768x1152.png 768w, https:\/\/fslogo.rwth-aachen.de\/wp-content\/uploads\/2025\/10\/Mia.png 999w\" sizes=\"(max-width: 682px) 100vw, 682px\" \/><\/figure><\/li><\/ul><\/figure>\n\n\n\n<p><\/p>\n\n\n\n<p><strong>Actuaria<\/strong><br>Der Posten Actuaria beinhaltet das Protokollieren aller Ratssitzungen und Vollversammlungen. Man wirkt au\u00dferdem im Fachschaftsrat mit und hat dort Stimmrecht.<\/p>\n\n\n\n<p><\/p>\n\n\n\n<p><strong>Gremium Lehre<br><\/strong>Das Lehreteam ist die Stimme der Studierenden in allen Fragen rund um Studium, Lehre und Pr\u00fcfungen. Wir vertreten eure Interessen in Studiengangsrunden, Jahresgespr\u00e4chen und Pr\u00fcfungsaussch\u00fcssen und bringen Ideen sowie Feedback aktiv in die Fachschaftsarbeit ein.<br>Ein besonderes Highlight ist die Verleihung des LoLAs (Logop\u00e4diepreis Lehre Aachen) beim Novemberkolloquium, um herausragende Lehre im Studiengang Logop\u00e4die zu w\u00fcrdigen und zu f\u00f6rdern.<br>Zus\u00e4tzlich organisieren wir eigene Lehrangebote wie \u201cFIT F\u00dcR die Praxis\u201d oder \u201cFIT F\u00dcR den Bachelor\u201d, die Studierenden Raum f\u00fcr gegenseitigen Wissensaustausch bieten.<\/p>\n\n\n\n<figure class=\"wp-block-gallery columns-3 is-cropped\"><ul class=\"blocks-gallery-grid\"><li class=\"blocks-gallery-item\"><figure><img loading=\"lazy\" width=\"682\" height=\"1024\" src=\"https:\/\/fslogo.rwth-aachen.de\/wp-content\/uploads\/2025\/10\/Antonia-682x1024.png\" alt=\"\" data-id=\"2566\" data-full-url=\"https:\/\/fslogo.rwth-aachen.de\/wp-content\/uploads\/2025\/10\/Antonia.png\" data-link=\"https:\/\/fslogo.rwth-aachen.de\/?attachment_id=2566\" class=\"wp-image-2566\" srcset=\"https:\/\/fslogo.rwth-aachen.de\/wp-content\/uploads\/2025\/10\/Antonia-682x1024.png 682w, https:\/\/fslogo.rwth-aachen.de\/wp-content\/uploads\/2025\/10\/Antonia-200x300.png 200w, https:\/\/fslogo.rwth-aachen.de\/wp-content\/uploads\/2025\/10\/Antonia-768x1152.png 768w, https:\/\/fslogo.rwth-aachen.de\/wp-content\/uploads\/2025\/10\/Antonia.png 999w\" sizes=\"(max-width: 682px) 100vw, 682px\" \/><\/figure><\/li><li class=\"blocks-gallery-item\"><figure><img loading=\"lazy\" width=\"682\" height=\"1024\" src=\"https:\/\/fslogo.rwth-aachen.de\/wp-content\/uploads\/2025\/10\/Berfin-682x1024.png\" alt=\"\" data-id=\"2567\" data-full-url=\"https:\/\/fslogo.rwth-aachen.de\/wp-content\/uploads\/2025\/10\/Berfin.png\" data-link=\"https:\/\/fslogo.rwth-aachen.de\/?attachment_id=2567\" class=\"wp-image-2567\" srcset=\"https:\/\/fslogo.rwth-aachen.de\/wp-content\/uploads\/2025\/10\/Berfin-682x1024.png 682w, https:\/\/fslogo.rwth-aachen.de\/wp-content\/uploads\/2025\/10\/Berfin-200x300.png 200w, https:\/\/fslogo.rwth-aachen.de\/wp-content\/uploads\/2025\/10\/Berfin-768x1152.png 768w, https:\/\/fslogo.rwth-aachen.de\/wp-content\/uploads\/2025\/10\/Berfin.png 999w\" sizes=\"(max-width: 682px) 100vw, 682px\" \/><\/figure><\/li><li class=\"blocks-gallery-item\"><figure><img loading=\"lazy\" width=\"682\" height=\"1024\" src=\"https:\/\/fslogo.rwth-aachen.de\/wp-content\/uploads\/2025\/10\/Matthias-682x1024.png\" alt=\"\" data-id=\"2568\" data-full-url=\"https:\/\/fslogo.rwth-aachen.de\/wp-content\/uploads\/2025\/10\/Matthias.png\" data-link=\"https:\/\/fslogo.rwth-aachen.de\/?attachment_id=2568\" class=\"wp-image-2568\" srcset=\"https:\/\/fslogo.rwth-aachen.de\/wp-content\/uploads\/2025\/10\/Matthias-682x1024.png 682w, https:\/\/fslogo.rwth-aachen.de\/wp-content\/uploads\/2025\/10\/Matthias-200x300.png 200w, https:\/\/fslogo.rwth-aachen.de\/wp-content\/uploads\/2025\/10\/Matthias-768x1152.png 768w, https:\/\/fslogo.rwth-aachen.de\/wp-content\/uploads\/2025\/10\/Matthias.png 999w\" sizes=\"(max-width: 682px) 100vw, 682px\" \/><\/figure><\/li><\/ul><\/figure>\n\n\n\n<p><\/p>\n\n\n\n<p><strong>Gremium Veranstaltungen<br><\/strong>Im Veranstaltungsteam sorgst du daf\u00fcr, dass das Studileben nicht zu kurz kommt! Gemeinsam plant ihr regelm\u00e4\u00dfig Events f\u00fcr alle Studierenden \u2013 damit sich alle besser kennenlernen, zusammen Spa\u00df haben und einfach mal abschalten k\u00f6nnen. Ob gro\u00dfe Partys wie unsere legend\u00e4re Sprachverlustparty zusammen mit den Etis oder gem\u00fctliche Treffen im Park \u2013 ihr sorgt daf\u00fcr, dass f\u00fcr jede*n etwas dabei ist.<br>Wenn du Lust hast, kreative Ideen umzusetzen und das Campusleben aktiv mitzugestalten, bist du hier genau richtig!<\/p>\n\n\n\n<figure class=\"wp-block-gallery columns-3 is-cropped\"><ul class=\"blocks-gallery-grid\"><li class=\"blocks-gallery-item\"><figure><img loading=\"lazy\" width=\"682\" height=\"1024\" src=\"https:\/\/fslogo.rwth-aachen.de\/wp-content\/uploads\/2025\/10\/Hanna-682x1024.png\" alt=\"\" data-id=\"2584\" data-full-url=\"https:\/\/fslogo.rwth-aachen.de\/wp-content\/uploads\/2025\/10\/Hanna.png\" data-link=\"https:\/\/fslogo.rwth-aachen.de\/?attachment_id=2584\" class=\"wp-image-2584\" srcset=\"https:\/\/fslogo.rwth-aachen.de\/wp-content\/uploads\/2025\/10\/Hanna-682x1024.png 682w, https:\/\/fslogo.rwth-aachen.de\/wp-content\/uploads\/2025\/10\/Hanna-200x300.png 200w, https:\/\/fslogo.rwth-aachen.de\/wp-content\/uploads\/2025\/10\/Hanna-768x1152.png 768w, https:\/\/fslogo.rwth-aachen.de\/wp-content\/uploads\/2025\/10\/Hanna.png 999w\" sizes=\"(max-width: 682px) 100vw, 682px\" \/><\/figure><\/li><li class=\"blocks-gallery-item\"><figure><img loading=\"lazy\" width=\"683\" height=\"1024\" src=\"https:\/\/fslogo.rwth-aachen.de\/wp-content\/uploads\/2025\/10\/Tom-683x1024.png\" alt=\"\" data-id=\"2585\" data-full-url=\"https:\/\/fslogo.rwth-aachen.de\/wp-content\/uploads\/2025\/10\/Tom.png\" data-link=\"https:\/\/fslogo.rwth-aachen.de\/?attachment_id=2585\" class=\"wp-image-2585\" srcset=\"https:\/\/fslogo.rwth-aachen.de\/wp-content\/uploads\/2025\/10\/Tom-683x1024.png 683w, https:\/\/fslogo.rwth-aachen.de\/wp-content\/uploads\/2025\/10\/Tom-200x300.png 200w, https:\/\/fslogo.rwth-aachen.de\/wp-content\/uploads\/2025\/10\/Tom-768x1152.png 768w, https:\/\/fslogo.rwth-aachen.de\/wp-content\/uploads\/2025\/10\/Tom.png 1000w\" sizes=\"(max-width: 683px) 100vw, 683px\" \/><\/figure><\/li><li class=\"blocks-gallery-item\"><figure><img loading=\"lazy\" width=\"682\" height=\"1024\" src=\"https:\/\/fslogo.rwth-aachen.de\/wp-content\/uploads\/2025\/10\/Berfin-1-682x1024.png\" alt=\"\" data-id=\"2586\" data-full-url=\"https:\/\/fslogo.rwth-aachen.de\/wp-content\/uploads\/2025\/10\/Berfin-1.png\" data-link=\"https:\/\/fslogo.rwth-aachen.de\/?attachment_id=2586\" class=\"wp-image-2586\" srcset=\"https:\/\/fslogo.rwth-aachen.de\/wp-content\/uploads\/2025\/10\/Berfin-1-682x1024.png 682w, https:\/\/fslogo.rwth-aachen.de\/wp-content\/uploads\/2025\/10\/Berfin-1-200x300.png 200w, https:\/\/fslogo.rwth-aachen.de\/wp-content\/uploads\/2025\/10\/Berfin-1-768x1152.png 768w, https:\/\/fslogo.rwth-aachen.de\/wp-content\/uploads\/2025\/10\/Berfin-1.png 999w\" sizes=\"(max-width: 682px) 100vw, 682px\" \/><\/figure><\/li><\/ul><\/figure>\n\n\n\n<p><\/p>\n\n\n\n<p><strong>Gremium ESA (Erstsemesterarbeit)<br><\/strong>Im ESA-Gremium (Erstsemesterarbeit) dreht sich alles um unsere neuen Studierenden! Du sorgst daf\u00fcr, dass die Erstis einen gro\u00dfartigen Start ins Studium haben \u2013 egal ob an der Uniklinik, der RWTH oder im Austausch mit Studierenden anderer Fachrichtungen.<br>Gemeinsam im Team planst du die j\u00e4hrliche Erstiwoche im Oktober und ein Event f\u00fcr unsere Master-Erstis im Sommersemester. Au\u00dferdem organisierst du zusammen mit den 5er-Fachschaften die Erstifahrt, bei der sich unsere neuen Studis besser kennenlernen und gemeinsam ins Studierendenleben starten k\u00f6nnen.<br>Wenn du Lust hast, kreative Ideen einzubringen, Events zu gestalten und neue Menschen willkommen zu hei\u00dfen, bist du hier genau richtig!<\/p>\n\n\n\n<figure class=\"wp-block-gallery columns-2 is-cropped\"><ul class=\"blocks-gallery-grid\"><li class=\"blocks-gallery-item\"><figure><img loading=\"lazy\" width=\"682\" height=\"1024\" src=\"https:\/\/fslogo.rwth-aachen.de\/wp-content\/uploads\/2025\/10\/Hanna-1-682x1024.png\" alt=\"\" data-id=\"2590\" data-full-url=\"https:\/\/fslogo.rwth-aachen.de\/wp-content\/uploads\/2025\/10\/Hanna-1.png\" data-link=\"https:\/\/fslogo.rwth-aachen.de\/?attachment_id=2590\" class=\"wp-image-2590\" srcset=\"https:\/\/fslogo.rwth-aachen.de\/wp-content\/uploads\/2025\/10\/Hanna-1-682x1024.png 682w, https:\/\/fslogo.rwth-aachen.de\/wp-content\/uploads\/2025\/10\/Hanna-1-200x300.png 200w, https:\/\/fslogo.rwth-aachen.de\/wp-content\/uploads\/2025\/10\/Hanna-1-768x1152.png 768w, https:\/\/fslogo.rwth-aachen.de\/wp-content\/uploads\/2025\/10\/Hanna-1.png 999w\" sizes=\"(max-width: 682px) 100vw, 682px\" \/><\/figure><\/li><li class=\"blocks-gallery-item\"><figure><img loading=\"lazy\" width=\"682\" height=\"1024\" src=\"https:\/\/fslogo.rwth-aachen.de\/wp-content\/uploads\/2025\/10\/Ella-682x1024.png\" alt=\"\" data-id=\"2591\" data-full-url=\"https:\/\/fslogo.rwth-aachen.de\/wp-content\/uploads\/2025\/10\/Ella.png\" data-link=\"https:\/\/fslogo.rwth-aachen.de\/?attachment_id=2591\" class=\"wp-image-2591\" srcset=\"https:\/\/fslogo.rwth-aachen.de\/wp-content\/uploads\/2025\/10\/Ella-682x1024.png 682w, https:\/\/fslogo.rwth-aachen.de\/wp-content\/uploads\/2025\/10\/Ella-200x300.png 200w, https:\/\/fslogo.rwth-aachen.de\/wp-content\/uploads\/2025\/10\/Ella-768x1152.png 768w, https:\/\/fslogo.rwth-aachen.de\/wp-content\/uploads\/2025\/10\/Ella.png 999w\" sizes=\"(max-width: 682px) 100vw, 682px\" \/><\/figure><\/li><\/ul><\/figure>\n\n\n\n<p><\/p>\n\n\n\n<p><strong>Gremium \u00d6ffentlichkeitsarbeit<br><\/strong>Die \u00d6ffentlichkeitsarbeit beinhaltet die \u00f6ffentliche Darstellung der Fachschaft z. B. bei Instagram, unserer Website oder anderen sozialen Medien oder auch die \u00f6ffentliche Pr\u00e4senz beim Studi-Fest der RWTH. Studiengangsintern k\u00fcmmern wir uns auch um die E-Mail-Verteiler, die unsere Studierenden \u00fcber aktuelle Stellenangebote, Studien oder andere interessante Angebote informiert. In der \u00d6ffentlichkeitsarbeit geht es auch um unser Merchandise wie Tassen, Sticker oder T-Shirts. Wenn du Spa\u00df am Gestalten hast und dich kreativ einbringen willst, dann komm ins \u00d6ffi-Team.<\/p>\n\n\n\n<figure class=\"wp-block-gallery columns-2 is-cropped\"><ul class=\"blocks-gallery-grid\"><li class=\"blocks-gallery-item\"><figure><img loading=\"lazy\" width=\"682\" height=\"1024\" src=\"https:\/\/fslogo.rwth-aachen.de\/wp-content\/uploads\/2025\/10\/Ella-1-682x1024.png\" alt=\"\" data-id=\"2596\" data-full-url=\"https:\/\/fslogo.rwth-aachen.de\/wp-content\/uploads\/2025\/10\/Ella-1.png\" data-link=\"https:\/\/fslogo.rwth-aachen.de\/?attachment_id=2596\" class=\"wp-image-2596\" srcset=\"https:\/\/fslogo.rwth-aachen.de\/wp-content\/uploads\/2025\/10\/Ella-1-682x1024.png 682w, https:\/\/fslogo.rwth-aachen.de\/wp-content\/uploads\/2025\/10\/Ella-1-200x300.png 200w, https:\/\/fslogo.rwth-aachen.de\/wp-content\/uploads\/2025\/10\/Ella-1-768x1152.png 768w, https:\/\/fslogo.rwth-aachen.de\/wp-content\/uploads\/2025\/10\/Ella-1.png 999w\" sizes=\"(max-width: 682px) 100vw, 682px\" \/><\/figure><\/li><li class=\"blocks-gallery-item\"><figure><img loading=\"lazy\" width=\"682\" height=\"1024\" src=\"https:\/\/fslogo.rwth-aachen.de\/wp-content\/uploads\/2025\/10\/Hanna-2-682x1024.png\" alt=\"\" data-id=\"2597\" data-full-url=\"https:\/\/fslogo.rwth-aachen.de\/wp-content\/uploads\/2025\/10\/Hanna-2.png\" data-link=\"https:\/\/fslogo.rwth-aachen.de\/?attachment_id=2597\" class=\"wp-image-2597\" srcset=\"https:\/\/fslogo.rwth-aachen.de\/wp-content\/uploads\/2025\/10\/Hanna-2-682x1024.png 682w, https:\/\/fslogo.rwth-aachen.de\/wp-content\/uploads\/2025\/10\/Hanna-2-200x300.png 200w, https:\/\/fslogo.rwth-aachen.de\/wp-content\/uploads\/2025\/10\/Hanna-2-768x1152.png 768w, https:\/\/fslogo.rwth-aachen.de\/wp-content\/uploads\/2025\/10\/Hanna-2.png 999w\" sizes=\"(max-width: 682px) 100vw, 682px\" \/><\/figure><\/li><\/ul><\/figure>\n\n\n\n<p><\/p>\n\n\n\n<p><strong>Mitarbeit in der Vergabekommission Studierendenmittel (VKS)<br><\/strong>Die Vergabekommission Studienbeitragsmittel (VKS) entscheidet jedes Semester, welche Projekte an der Hochschule finanzielle Unterst\u00fctzung erhalten. Studierende wirken dabei aktiv mit und stimmen \u00fcber die Antr\u00e4ge ab. Vorkenntnisse sind nicht erforderlich. Auch unsere Fachschaft kann Antr\u00e4ge stellen, etwa f\u00fcr Projekte oder Veranstaltungen. Ein Beispiel ist der LoLa-Preis, der regelm\u00e4\u00dfig aus Studienbeitragsmitteln finanziert wird.<\/p>\n\n\n\n<p><\/p>\n\n\n\n<p><strong>Mitarbeit im Fakult\u00e4tsrat<br><\/strong>Wen das Engagement an der Schnittstelle zwischen der Fachschaft Logop\u00e4die und dem gro\u00dfen UKA reizt, ist im Fakult\u00e4tsrat gut aufgehoben. In etwa sechs Sitzungen im Jahr bist du hier das Sprachrohr f\u00fcr uns und pr\u00e4sentierst vor den verschiedenen anderen Substrukturen des Uniklinikums, was sich in der Fachschaft so tut. Keine Angst \u2013 es gibt Vorlagen f\u00fcr diese ganz kurzen Pr\u00e4sentationen. Als Bonus lernst du etwas \u00fcber die inneren Organisationsmechaniken eines Spitals mit cooler Forschung.<\/p>\n","protected":false},"excerpt":{"rendered":"<p>1. und 2. VorsitzDer Vorsitz hat grunds\u00e4tzlich die Aufgabe die Fachschaft zu repr\u00e4sentieren, zum Beispiel bei Treffen mit anderen Fachschaften. Au\u00dferdem leiten wir die Ratssitzungen sowie die Vollversammlungen und k\u00fcmmern uns um die Bearbeitung der Fachschaftsmails. Gremium FinanzenAls Finanzer*innen sind wir daf\u00fcr zust\u00e4ndig Rechnungen zu erstellen und zu bezahlen, die [&hellip;]<\/p>\n","protected":false},"author":10,"featured_media":0,"parent":2299,"menu_order":0,"comment_status":"closed","ping_status":"closed","template":"","meta":[],"aioseo_notices":[],"_links":{"self":[{"href":"https:\/\/fslogo.rwth-aachen.de\/index.php\/wp-json\/wp\/v2\/pages\/2556"}],"collection":[{"href":"https:\/\/fslogo.rwth-aachen.de\/index.php\/wp-json\/wp\/v2\/pages"}],"about":[{"href":"https:\/\/fslogo.rwth-aachen.de\/index.php\/wp-json\/wp\/v2\/types\/page"}],"author":[{"embeddable":true,"href":"https:\/\/fslogo.rwth-aachen.de\/index.php\/wp-json\/wp\/v2\/users\/10"}],"replies":[{"embeddable":true,"href":"https:\/\/fslogo.rwth-aachen.de\/index.php\/wp-json\/wp\/v2\/comments?post=2556"}],"version-history":[{"count":29,"href":"https:\/\/fslogo.rwth-aachen.de\/index.php\/wp-json\/wp\/v2\/pages\/2556\/revisions"}],"predecessor-version":[{"id":2599,"href":"https:\/\/fslogo.rwth-aachen.de\/index.php\/wp-json\/wp\/v2\/pages\/2556\/revisions\/2599"}],"up":[{"embeddable":true,"href":"https:\/\/fslogo.rwth-aachen.de\/index.php\/wp-json\/wp\/v2\/pages\/2299"}],"wp:attachment":[{"href":"https:\/\/fslogo.rwth-aachen.de\/index.php\/wp-json\/wp\/v2\/media?parent=2556"}],"curies":[{"name":"wp","href":"https:\/\/api.w.org\/{rel}","templated":true}]}}